{"id":341,"date":"2016-03-15T14:31:38","date_gmt":"2016-03-15T14:31:38","guid":{"rendered":"http:\/\/okthemes.com\/villenoirdemo\/?page_id=341"},"modified":"2024-09-09T14:32:15","modified_gmt":"2024-09-09T14:32:15","slug":"about","status":"publish","type":"page","link":"https:\/\/dezoitobymaniche.com\/en\/about\/","title":{"rendered":"About"},"content":{"rendered":"<section class=\"wpb-content-wrapper\"><div data-vc-full-width=\"true\" data-vc-full-width-init=\"false\" class=\"vc_row wpb_row vc_row-fluid gg-force-background-bottom vc_custom_1469107646994 vc_row-has-fill\"><div class=\"wpb_column vc_column_container vc_col-sm-6\"><div class=\"vc_column-inner\"><div class=\"wpb_wrapper\">\n\t<div class=\"wpb_text_column wpb_content_element\" >\n\t\t<div class=\"wpb_wrapper\">\n\t\t\t<p>The wines that are now on the market are the result of a project that has been maturing since 2016, together with Quinta da Pacheca winemaking team, led by Maria Serpa Pimentel.<\/p>\n<p>&nbsp;<\/p>\n<p>The Portuguese ace followed all the steps of the production process of these wines, namely the choice of the grape varieties that gave rise to the blend, as well as in the vintage and traditional step to which the red grapes were submitted or in the process of aging the wines in barrels. Periodically the Portuguese international kept abreast of the processes,<\/p>\n\n\t\t<\/div>\n\t<\/div>\n<\/div><\/div><\/div><div class=\"wpb_column vc_column_container vc_col-sm-6 vc_col-has-fill\"><div class=\"vc_column-inner vc_custom_1725890742711\"><div class=\"wpb_wrapper\"><div class=\"vc_empty_space\"   style=\"height: 600px\"><span class=\"vc_empty_space_inner\"><\/span><\/div><\/div><\/div><\/div><\/div><div class=\"vc_row-full-width vc_clearfix\"><\/div><div data-vc-full-width=\"true\" data-vc-full-width-init=\"false\" class=\"vc_row wpb_row vc_row-fluid gg-force-background-bottom vc_custom_1469107646994 vc_row-has-fill\"><div class=\"wpb_column vc_column_container vc_col-sm-6 vc_col-has-fill\"><div class=\"vc_column-inner vc_custom_1725890986864\"><div class=\"wpb_wrapper\"><div class=\"vc_empty_space\"   style=\"height: 600px\"><span class=\"vc_empty_space_inner\"><\/span><\/div><\/div><\/div><\/div><div class=\"wpb_column vc_column_container vc_col-sm-6\"><div class=\"vc_column-inner\"><div class=\"wpb_wrapper\">\n\t<div class=\"wpb_text_column wpb_content_element\" >\n\t\t<div class=\"wpb_wrapper\">\n\t\t\t<p>\"which also helped to increase my wine literacy to embark with the utmost confidence in this adventure, which is to create a brand of its own wines\", says the ex-footballer.<br \/>\nComposed of the Viosinho and Moscatel Galego varieties, \u2018Dezoito by Maniche Branco 2019\u2019 has a delicate aroma, with well-integrated wood notes. In the mouth it is very balanced, with a very present acidity which gives it minerality. Medium in body with long and persistent finish, this wine will pair perfectly with grilled or roasted fish, as well as cheese.<br \/>\nTouriga Franca, Touriga Nacional and Tinta Roriz are the varieties that make up \u2018Dezoito by Maniche Tinto 2018\u2019. According to the winemaker's tasting notes, this wine is quite fruity, although well balanced with the chocolate notes that are given by the barrel. Balanced, this red has a long and very persistent aftertaste. It pairs perfectly with grilled or roasted meats.<\/p>\n\n\t\t<\/div>\n\t<\/div>\n<\/div><\/div><\/div><\/div><div class=\"vc_row-full-width vc_clearfix\"><\/div><div data-vc-full-width=\"true\" data-vc-full-width-init=\"false\" class=\"vc_row wpb_row vc_row-fluid gg-force-background-bottom-no-cover vc_custom_1683670007087 vc_row-has-fill\"><div class=\"wpb_column vc_column_container vc_col-sm-6 vc_col-has-fill\"><div class=\"vc_column-inner vc_custom_1725890999875\"><div class=\"wpb_wrapper\"><div class=\"vc_empty_space\"   style=\"height: 600px\"><span class=\"vc_empty_space_inner\"><\/span><\/div><\/div><\/div><\/div><div class=\"wpb_column vc_column_container vc_col-sm-6\"><div class=\"vc_column-inner vc_custom_1458310150528\"><div class=\"wpb_wrapper\">\n\t<div class=\"wpb_text_column wpb_content_element\" >\n\t\t<div class=\"wpb_wrapper\">\n\t\t\t<p>The story behind the name of this wine is quite simple, Nuno Maniche, played in the top echelons of world football, Portugal, Russia, England, Spain, Italy and Germany and joined the European runners-up in 2004 and fourth place in the 2006 World Cup Among the immense successes that have been added, he won the most emblematic trophy in the history of football, the Champions League.<\/p>\n<p>He was several times considered \u00abMan of the Match\u00bb, having scored a goal that would go down in history, as being, from another world, against the Netherlands team. Throughout this successful journey, there is a common denominator - the mythical sweater 18.<\/p>\n<p>Having cultivated, in recent years, a fascination with viticulture, and the Douro in particular, he found at Quinta da Pacheca the ideal partner to produce his perfect blend, and the number became a name - thus the Dezoito (Eighteen) is born.<\/p>\n<p>As brand evolves, the RESERVE White and Red references are now on the market.<\/p>\n<p>Composed of the Viosinho, Gouveia, Arinto and Moscatel Galego Branco varieties, the 'Dezoito by Maniche Branco Reserve 2021' has a delicate aroma, with notes of fresh white fruit, pear, plum and lychee, well integrated with the toasted wood of the barrel.<\/p>\n<p>Touriga Franca, Tinta Roriz and Touriga Nacional are the grape varieties that make up the 'Dezoito by Maniche Tinto Reserve 2020'. According to the winemaker's tasting notes, this wine has an intense aroma of black fruit, some floral, which gives it freshness and notes of well-integrated wood.<\/p>\n\n\t\t<\/div>\n\t<\/div>\n<\/div><\/div><\/div><\/div><div class=\"vc_row-full-width vc_clearfix\"><\/div><div data-vc-full-width=\"true\" data-vc-full-width-init=\"false\" class=\"vc_row wpb_row vc_row-fluid vc_custom_1460974692501 vc_row-has-fill\"><div class=\"wpb_column vc_column_container vc_col-sm-12\"><div class=\"vc_column-inner\"><div class=\"wpb_wrapper\">\n\t<div class=\"title-subtitle-box  vc_custom_1684166236931\" style=\" margin-bottom:90px; text-align: left;\">\n\t\t<h1 style=\" font-style: normal;\">Our timeline<\/h1>\n\t<\/div> <section id=\"cd-timeline\" class=\"cd-container horizontal\">\n\t<div class=\"cd-timeline-block\">\n\t\t<div class=\"cd-timeline-img cd-picture kd-animated\">\n\t\t<img decoding=\"async\" src=\"https:\/\/dezoitobymaniche.com\/wp-content\/themes\/villenoir\/images\/cd-icon-location.svg\" alt=\"Location\">\n\t\t<\/div>\n\t\t<div class=\"cd-timeline-content kd-animated\">\n\t\t <img decoding=\"async\" class=\"wp-post-image\" src=\"https:\/\/dezoitobymaniche.com\/wp-content\/uploads\/2023\/05\/Imagem2.jpg\" alt=\"\" \/> \n\t\t<div class=\"cd-timeline-content-wrapper\">\n\t\t<p class=\"cd-title\">Acquisition of Vineyards<\/p>\n\t\t<p>The acquisition of vineyards was the initial step of this project. Factors such as the region's climate and soil, the quality of the grapes, the property's production history and the available infrastructure were carefully evaluated. The costs involved in the acquisition and the investments necessary for production were rigorously considered. Having outlined the business plan with clear goals and strategies for the production, marketing and distribution of the wine.<\/p>\n\t\t<h4 class=\"cd-date\">2016<\/h4>\n\t\t<\/div>\n\t\t<\/div>\n\t<\/div>\n\t<div class=\"cd-timeline-block\">\n\t\t<div class=\"cd-timeline-img cd-picture kd-animated\">\n\t\t<img decoding=\"async\" src=\"https:\/\/dezoitobymaniche.com\/wp-content\/themes\/villenoir\/images\/cd-icon-location.svg\" alt=\"Location\">\n\t\t<\/div>\n\t\t<div class=\"cd-timeline-content kd-animated\">\n\t\t <img decoding=\"async\" class=\"wp-post-image\" src=\"https:\/\/dezoitobymaniche.com\/wp-content\/uploads\/2023\/05\/Dezoito-by-Maniche-Tinto-2018.png\" alt=\"\" \/> \n\t\t<div class=\"cd-timeline-content-wrapper\">\n\t\t<p class=\"cd-title\">First Production<\/p>\n\t\t<p>The first production of Dezoito by Maniche wines is launched on the market in 2018, following a rigorous production process, which included the choice of the grape varieties that gave rise to the blend, as well as the traditional harvest and treading to which the red grapes were subjected and the aging process of wines in barrels.<\/p>\n\t\t<h4 class=\"cd-date\">2018<\/h4>\n\t\t<\/div>\n\t\t<\/div>\n\t<\/div>\n\t<div class=\"cd-timeline-block\">\n\t\t<div class=\"cd-timeline-img cd-picture kd-animated\">\n\t\t<img decoding=\"async\" src=\"https:\/\/dezoitobymaniche.com\/wp-content\/themes\/villenoir\/images\/cd-icon-location.svg\" alt=\"Location\">\n\t\t<\/div>\n\t\t<div class=\"cd-timeline-content kd-animated\">\n\t\t <img decoding=\"async\" class=\"wp-post-image\" src=\"https:\/\/dezoitobymaniche.com\/wp-content\/uploads\/2023\/05\/Dezoito-by-Maniche-Tinto-Reserva-2020.png\" alt=\"\" \/> \n\t\t<div class=\"cd-timeline-content-wrapper\">\n\t\t<p class=\"cd-title\">Reserve Production<\/p>\n\t\t<p>As a logical consequence of the brand's growth process, the market positioning and the production of superior quality wines, produced with selected grapes and subjected to a longer aging process in French oak barrels, were reconsidered. Reserve wines result from the use of better grapes, which generally come from older vines or vineyards with lower yields, resulting in more concentrated grapes with a more complex flavor and aroma. The production of these wines requires a significant investment of time and resources, resulting in a premium product.<\/p>\n\t\t<h4 class=\"cd-date\">2020<\/h4>\n\t\t<\/div>\n\t\t<\/div>\n\t<\/div>\n\t<div class=\"cd-timeline-block\">\n\t\t<div class=\"cd-timeline-img cd-picture kd-animated\">\n\t\t<img decoding=\"async\" src=\"https:\/\/dezoitobymaniche.com\/wp-content\/themes\/villenoir\/images\/cd-icon-location.svg\" alt=\"Location\">\n\t\t<\/div>\n\t\t<div class=\"cd-timeline-content kd-animated\">\n\t\t <img decoding=\"async\" class=\"wp-post-image\" src=\"https:\/\/dezoitobymaniche.com\/wp-content\/uploads\/2023\/05\/Sustainability.png\" alt=\"\" \/> \n\t\t<div class=\"cd-timeline-content-wrapper\">\n\t\t<p class=\"cd-title\">Eco-innovation and Sustainability<\/p>\n\t\t<p>Committed to the concept of Eco-Entrepreneurship, the Dezoito by Maniche brand started a new business model that advocates obtaining eco-products from winery waste, using innovative digital processes.<\/p>\n\t\t<h4 class=\"cd-date\">2021<\/h4>\n\t\t<\/div>\n\t\t<\/div>\n\t<\/div>\n\t<div class=\"cd-timeline-block\">\n\t\t<div class=\"cd-timeline-img cd-picture kd-animated\">\n\t\t<img decoding=\"async\" src=\"https:\/\/dezoitobymaniche.com\/wp-content\/themes\/villenoir\/images\/cd-icon-location.svg\" alt=\"Location\">\n\t\t<\/div>\n\t\t<div class=\"cd-timeline-content kd-animated\">\n\t\t <img decoding=\"async\" class=\"wp-post-image\" src=\"https:\/\/dezoitobymaniche.com\/wp-content\/uploads\/2023\/05\/Imagem3.png\" alt=\"\" \/> \n\t\t<div class=\"cd-timeline-content-wrapper\">\n\t\t<p class=\"cd-title\">Prizes<\/p>\n\t\t<p>The wines of the first production were awarded with several national awards and with the silver medal of the prestigious organization Paris Wine Cup.<\/p>\n\t\t<h4 class=\"cd-date\">2022<\/h4>\n\t\t<\/div>\n\t\t<\/div>\n\t<\/div>\n\t<div class=\"cd-timeline-block\">\n\t\t<div class=\"cd-timeline-img cd-picture kd-animated\">\n\t\t<img decoding=\"async\" src=\"https:\/\/dezoitobymaniche.com\/wp-content\/themes\/villenoir\/images\/cd-icon-location.svg\" alt=\"Location\">\n\t\t<\/div>\n\t\t<div class=\"cd-timeline-content kd-animated\">\n\t\t <img decoding=\"async\" class=\"wp-post-image\" src=\"https:\/\/dezoitobymaniche.com\/wp-content\/uploads\/2023\/06\/Screenshot_1.png\" alt=\"\" \/> \n\t\t<div class=\"cd-timeline-content-wrapper\">\n\t\t<p class=\"cd-title\">Prizes<\/p>\n\t\t<p>Winner of the Gold Medal at the 3rd Douro Wine Contest 2023.<\/p>\n\t\t<h4 class=\"cd-date\">2023<\/h4>\n\t\t<\/div>\n\t\t<\/div>\n\t<\/div>\n\t<div class=\"cd-timeline-block\">\n\t\t<div class=\"cd-timeline-img cd-picture kd-animated\">\n\t\t<img decoding=\"async\" src=\"https:\/\/dezoitobymaniche.com\/wp-content\/themes\/villenoir\/images\/cd-icon-location.svg\" alt=\"Location\">\n\t\t<\/div>\n\t\t<div class=\"cd-timeline-content kd-animated\">\n\t\t <img decoding=\"async\" class=\"wp-post-image\" src=\"https:\/\/dezoitobymaniche.com\/wp-content\/uploads\/2024\/09\/garrafa-2024-branco-1.png\" alt=\"\" \/> \n\t\t<div class=\"cd-timeline-content-wrapper\">\n\t\t<p class=\"cd-title\">Nova imagem - Reserva Branco<\/p>\n\t\t<p>Maniche reinventa o r\u00f3tulo e ajusta os aromas selecionando 5 castas para produzir este vinho e cada uma delas contribui de forma diferente ao lote final, enumeramos alguma das caracter\u00edsticas que cada uma d\u00e1 ao vinho. Viosinho: estrutura, C\u00f3dega do Larinho: equil\u00edbrio, Gouveio: complexidade, Arinto: Frescura e Moscatel Galego: Aromas Florais.<\/p>\n\t\t<h4 class=\"cd-date\">2024<\/h4>\n\t\t<\/div>\n\t\t<\/div>\n\t<\/div>\n\t<div class=\"cd-timeline-block\">\n\t\t<div class=\"cd-timeline-img cd-picture kd-animated\">\n\t\t<img decoding=\"async\" src=\"https:\/\/dezoitobymaniche.com\/wp-content\/themes\/villenoir\/images\/cd-icon-location.svg\" alt=\"Location\">\n\t\t<\/div>\n\t\t<div class=\"cd-timeline-content kd-animated\">\n\t\t <img decoding=\"async\" class=\"wp-post-image\" src=\"https:\/\/dezoitobymaniche.com\/wp-content\/uploads\/2024\/09\/garrafa-2024-tinto-1.png\" alt=\"\" \/> \n\t\t<div class=\"cd-timeline-content-wrapper\">\n\t\t<p class=\"cd-title\">Nova imagem - Reserva Tinto<\/p>\n\t\t<p>Maniche reinventa o r\u00f3tulo e ajusta os aromas selecionando 3 castas para produzir este vinho e cada uma delas contribui de forma diferente ao lote final, enumeramos alguma das caracter\u00edsticas que cada uma d\u00e1 ao vinho. Touriga Francesa: estrutura e volume, Touriga Nacional: aromas florais e frutos pretos e o Sous\u00e3o: intensidade de cor e fruta.<\/p>\n\t\t<h4 class=\"cd-date\">2024<\/h4>\n\t\t<\/div>\n\t\t<\/div>\n\t<\/div><\/section><\/div><\/div><\/div><\/div><div class=\"vc_row-full-width vc_clearfix\"><\/div>\n<\/section>","protected":false},"excerpt":{"rendered":"Os vinhos que agora chegam ao mercado s\u00e3o o resultado de um projeto que j\u00e1 vinha a ser maturado, desde 2016, em conjunto com a equipa de enologia da Quinta<br class=\"read-more-spacer\"> <a class=\"more-link\" href=\"https:\/\/dezoitobymaniche.com\/en\/about\/\">Read More<\/a>","protected":false},"author":1,"featured_media":1423,"parent":0,"menu_order":0,"comment_status":"closed","ping_status":"closed","template":"","meta":{"cybocfi_hide_featured_image":"","footnotes":""},"class_list":["post-341","page","type-page","status-publish","has-post-thumbnail","hentry"],"acf":[],"aioseo_notices":[],"_links":{"self":[{"href":"https:\/\/dezoitobymaniche.com\/en\/wp-json\/wp\/v2\/pages\/341","targetHints":{"allow":["GET"]}}],"collection":[{"href":"https:\/\/dezoitobymaniche.com\/en\/wp-json\/wp\/v2\/pages"}],"about":[{"href":"https:\/\/dezoitobymaniche.com\/en\/wp-json\/wp\/v2\/types\/page"}],"author":[{"embeddable":true,"href":"https:\/\/dezoitobymaniche.com\/en\/wp-json\/wp\/v2\/users\/1"}],"replies":[{"embeddable":true,"href":"https:\/\/dezoitobymaniche.com\/en\/wp-json\/wp\/v2\/comments?post=341"}],"version-history":[{"count":28,"href":"https:\/\/dezoitobymaniche.com\/en\/wp-json\/wp\/v2\/pages\/341\/revisions"}],"predecessor-version":[{"id":1734,"href":"https:\/\/dezoitobymaniche.com\/en\/wp-json\/wp\/v2\/pages\/341\/revisions\/1734"}],"wp:featuredmedia":[{"embeddable":true,"href":"https:\/\/dezoitobymaniche.com\/en\/wp-json\/wp\/v2\/media\/1423"}],"wp:attachment":[{"href":"https:\/\/dezoitobymaniche.com\/en\/wp-json\/wp\/v2\/media?parent=341"}],"curies":[{"name":"wp","href":"https:\/\/api.w.org\/{rel}","templated":true}]}}